{"id":283,"date":"2017-12-15T14:41:32","date_gmt":"2017-12-15T14:41:32","guid":{"rendered":"https:\/\/www.baumeister-klima.de\/cms\/?page_id=283"},"modified":"2017-12-15T14:41:32","modified_gmt":"2017-12-15T14:41:32","slug":"montage-specials","status":"publish","type":"page","link":"https:\/\/www.baumeister-klima.de\/cms\/montage-specials\/","title":{"rendered":"Montage Specials"},"content":{"rendered":"<section id=\"builder-section-text_43\" class=\"builder-section-first builder-section builder-section-text builder-section-next-gallery builder-text-columns-1\" style=\"background-size: cover; background-repeat: no-repeat;background-position: center center;\">\n<div class=\"builder-section-content\">\n<div class=\"builder-text-row\">\n<div class=\"builder-text-column builder-text-column-1\" id=\"builder-section-text_43-column-1\">\n<div class=\"builder-text-content\">\n<p><em><strong>Unsere L\u00fcftungsger\u00e4te k\u00f6nnen auch fliegen!!<\/strong><\/em><\/p>\n<p>\u00a0<\/p>\n<p>Aufgrund der \u00f6rtlichen Bedingungen bei unserem Kunden der Fa. EBM-Papst in St.Georgen Peterzell war eine Kranmontage der\u00a05 L\u00fcftungsger\u00e4te auf dem Dach nicht m\u00f6glich.<\/p>\n<p>Wir haben mit Unterst\u00fctzung unseres Kunden EBM &#8211; Papst den kompletten Hubschrauber-Montageflug mit unserem Partner der Fa. Helixcopter aus Neuenstein geplant und durchgef\u00fchrt.<\/p>\n<p>Die Montage zusammen mit dem professionellen Heli-Team dauerte f\u00fcr die gesamten 5 L\u00fcftungsanlagen mit je 4 Teilen gerade mal 2 Stunden.<\/p>\n<p>Wir danken der Fa. EBM Papst f\u00fcr die hervorragende Unterst\u00fctzung bei der Planung und auch f\u00fcr die Erstellung der tollen\u00a0Bildern, sowie dem super Helixteam um Gustel Baumm f\u00fcr den problemlosen Ablauf.<\/p>\n<\/p><\/div>\n<\/p><\/div>\n<\/p><\/div>\n<\/p><\/div>\n<\/section>\n<section id=\"builder-section-gallery_801\" class=\"builder-section-prev-text builder-section builder-section-gallery builder-section-last builder-gallery-columns-3 builder-gallery-captions-reveal builder-gallery-captions-light builder-gallery-aspect-square\" style=\"background-size: cover; background-repeat: no-repeat;background-position: center center;\">\n<div class=\"builder-section-content\">\n<div class=\"builder-gallery-item \">\n<figure class=\"builder-gallery-image\" style=\"background-image: url(&#039;https:\/\/www.baumeister-klima.de\/cms\/wp-content\/uploads\/2017\/12\/1.-Unser-Chef-als-Anflug-Einweiser-3-1024x683.jpg&#039;);\"><\/figure>\n<\/p><\/div>\n<div class=\"builder-gallery-item \">\n<figure class=\"builder-gallery-image\" style=\"background-image: url(&#039;https:\/\/www.baumeister-klima.de\/cms\/wp-content\/uploads\/2017\/12\/2.-Einweisung-vor-Flug-3-1024x683.jpg&#039;);\"><\/figure>\n<\/p><\/div>\n<div class=\"builder-gallery-item  last-3\">\n<figure class=\"builder-gallery-image\" style=\"background-image: url(&#039;https:\/\/www.baumeister-klima.de\/cms\/wp-content\/uploads\/2017\/12\/3.-Ger\u00e4teaufnahme-3-1024x683.jpg&#039;);\"><\/figure>\n<\/p><\/div>\n<div class=\"builder-gallery-item \">\n<figure class=\"builder-gallery-image\" style=\"background-image: url(&#039;https:\/\/www.baumeister-klima.de\/cms\/wp-content\/uploads\/2017\/12\/4.-Ger\u00e4t-im-Anflug-3-683x1024.jpg&#039;);\"><\/figure>\n<\/p><\/div>\n<div class=\"builder-gallery-item \">\n<figure class=\"builder-gallery-image\" style=\"background-image: url(&#039;https:\/\/www.baumeister-klima.de\/cms\/wp-content\/uploads\/2017\/12\/5.-Anflug-Dachpodest-3-1024x683.jpg&#039;);\"><\/figure>\n<\/p><\/div>\n<div class=\"builder-gallery-item  last-3\">\n<figure class=\"builder-gallery-image\" style=\"background-image: url(&#039;https:\/\/www.baumeister-klima.de\/cms\/wp-content\/uploads\/2017\/12\/6.-\u00dcber-dem-Dach-Podest-3-1024x683.jpg&#039;);\"><\/figure>\n<\/p><\/div>\n<div class=\"builder-gallery-item \">\n<figure class=\"builder-gallery-image\" style=\"background-image: url(&#039;https:\/\/www.baumeister-klima.de\/cms\/wp-content\/uploads\/2017\/12\/7.-Erstes-Ger\u00e4teteil-3-1024x683.jpg&#039;);\"><\/figure>\n<\/p><\/div>\n<div class=\"builder-gallery-item \">\n<figure class=\"builder-gallery-image\" style=\"background-image: url(&#039;https:\/\/www.baumeister-klima.de\/cms\/wp-content\/uploads\/2017\/12\/9.-Absetzen-des-3.Teilger\u00e4tes-3-1024x683.jpg&#039;);\"><\/figure>\n<\/p><\/div>\n<div class=\"builder-gallery-item  last-3\">\n<figure class=\"builder-gallery-image\" style=\"background-image: url(&#039;https:\/\/www.baumeister-klima.de\/cms\/wp-content\/uploads\/2017\/12\/10.-Unser-Team-und-Helixcopter-Piloten-3-1024x575.jpg&#039;);\"><\/figure>\n<\/p><\/div>\n<\/p><\/div>\n<\/section>\n","protected":false},"excerpt":{"rendered":"<p>Unsere L\u00fcftungsger\u00e4te k\u00f6nnen auch fliegen!! \u00a0 Aufgrund der \u00f6rtlichen Bedingungen bei unserem Kunden der Fa. EBM-Papst in St.Georgen Peterzell war eine Kranmontage der\u00a05 L\u00fcftungsger\u00e4te auf dem Dach nicht m\u00f6glich. Wir haben mit Unterst\u00fctzung unseres Kunden EBM &#8211; Papst den kompletten Hubschrauber-Montageflug mit unserem Partner der Fa. Helixcopter aus Neuenstein geplant und durchgef\u00fchrt. Die Montage zusammen &hellip;<\/p>\n","protected":false},"author":1,"featured_media":0,"parent":0,"menu_order":0,"comment_status":"closed","ping_status":"closed","template":"template-builder.php","meta":{"footnotes":""},"class_list":["post-283","page","type-page","status-publish","hentry"],"_links":{"self":[{"href":"https:\/\/www.baumeister-klima.de\/cms\/wp-json\/wp\/v2\/pages\/283","targetHints":{"allow":["GET"]}}],"collection":[{"href":"https:\/\/www.baumeister-klima.de\/cms\/wp-json\/wp\/v2\/pages"}],"about":[{"href":"https:\/\/www.baumeister-klima.de\/cms\/wp-json\/wp\/v2\/types\/page"}],"author":[{"embeddable":true,"href":"https:\/\/www.baumeister-klima.de\/cms\/wp-json\/wp\/v2\/users\/1"}],"replies":[{"embeddable":true,"href":"https:\/\/www.baumeister-klima.de\/cms\/wp-json\/wp\/v2\/comments?post=283"}],"version-history":[{"count":0,"href":"https:\/\/www.baumeister-klima.de\/cms\/wp-json\/wp\/v2\/pages\/283\/revisions"}],"wp:attachment":[{"href":"https:\/\/www.baumeister-klima.de\/cms\/wp-json\/wp\/v2\/media?parent=283"}],"curies":[{"name":"wp","href":"https:\/\/api.w.org\/{rel}","templated":true}]}}